{"id":70,"date":"2016-11-14T17:45:59","date_gmt":"2016-11-14T17:45:59","guid":{"rendered":"http:\/\/insideinternistas.com\/?page_id=70"},"modified":"2022-09-21T13:48:06","modified_gmt":"2022-09-21T11:48:06","slug":"quienes-somos","status":"publish","type":"page","link":"https:\/\/www.insideinternistas.com\/de\/","title":{"rendered":"\u00dcber uns"},"content":{"rendered":"<p>[et_pb_section fb_built=&#8221;1&#8243; admin_label=&#8221;Hero&#8221; _builder_version=&#8221;4.16&#8243; use_background_color_gradient=&#8221;on&#8221; background_color_gradient_stops=&#8221;rgba(58,58,58,0) 70%|#ffffff 100%&#8221; background_color_gradient_overlays_image=&#8221;on&#8221; background_color_gradient_start=&#8221;rgba(58,58,58,0)&#8221; background_color_gradient_start_position=&#8221;70%&#8221; background_color_gradient_end=&#8221;#ffffff&#8221; background_image=&#8221;https:\/\/www.insideinternistas.com\/de\/wp-content\/uploads\/sites\/3\/2021\/03\/cabecera-portada-inside-2.jpg&#8221; vertical_offset_tablet=&#8221;0&#8243; horizontal_offset_tablet=&#8221;0&#8243; custom_padding=&#8221;20vw||20vw||true|&#8221; top_divider_style=&#8221;arrow3&#8243; top_divider_color=&#8221;rgba(255,255,255,0.07)&#8221; top_divider_repeat=&#8221;4x&#8221; box_shadow_horizontal_tablet=&#8221;0px&#8221; box_shadow_vertical_tablet=&#8221;0px&#8221; box_shadow_blur_tablet=&#8221;40px&#8221; box_shadow_spread_tablet=&#8221;0px&#8221; global_colors_info=&#8221;{}&#8221;][\/et_pb_section][et_pb_section fb_built=&#8221;1&#8243; custom_padding_last_edited=&#8221;on|desktop&#8221; _builder_version=&#8221;4.16&#8243; custom_padding=&#8221;100px||||false|false&#8221; custom_padding_tablet=&#8221;50px||||false|false&#8221; custom_padding_phone=&#8221;30px||||false|false&#8221; global_colors_info=&#8221;{}&#8221;][et_pb_row _builder_version=&#8221;4.16&#8243; background_size=&#8221;initial&#8221; background_position=&#8221;top_left&#8221; background_repeat=&#8221;repeat&#8221; global_colors_info=&#8221;{}&#8221;][et_pb_column type=&#8221;4_4&#8243; _builder_version=&#8221;4.16&#8243; custom_padding=&#8221;|||&#8221; global_colors_info=&#8221;{}&#8221; custom_padding__hover=&#8221;|||&#8221;][et_pb_text admin_label=&#8221;T\u00edtulo \u00dcber uns&#8221; _builder_version=&#8221;4.16&#8243; background_size=&#8221;initial&#8221; background_position=&#8221;top_left&#8221; background_repeat=&#8221;repeat&#8221; module_alignment=&#8221;left&#8221; use_border_color=&#8221;off&#8221; global_colors_info=&#8221;{}&#8221;]<\/p>\n<h2>\u00dcber uns<\/h2>\n<p>[\/et_pb_text][et_pb_text _builder_version=&#8221;4.16&#8243; background_size=&#8221;initial&#8221; background_position=&#8221;top_left&#8221; background_repeat=&#8221;repeat&#8221; text_orientation=&#8221;justified&#8221; module_alignment=&#8221;left&#8221; use_border_color=&#8221;off&#8221; global_colors_info=&#8221;{}&#8221;]Das <span class=\"inside\">INSIDE<\/span>-\u00c4rzteteam besteht aus einer Gruppe von Internisten, die die Praxis unseres Berufes \u00e4hnlich verstehen und wir basieren uns auf den Grundlagen der klassischen Medizin und der wissenschaftlichen Methode. Die pers\u00f6nliche und humanisierte Behandlung unserer Patienten liegt bei uns an erster Stelle, nach dem ethischen Prinzip, welches uns unsere Meister vermittelt haben und an welches wir uns gerne erinnern: <span class=\"citas\"><em>&#8220;manchmal heilen, h\u00e4ufig lindern, immer tr\u00f6sten&#8221;<\/em><\/span>.<\/p>\n<p>Unsere Verpflichtung besteht darin, die Diagnose eines Syndroms oder medizinischen Dilemmas, mit dem wir konfrontiert sind, bis zum Ende zu f\u00fchren, eine individuelle und angemessene Behandlung zu planen und einzuleiten, den Patienten w\u00e4hrend des gesamten Prozesses zu begleiten und zu den zu folgenden Schritten zu beraten; sei es die Bewertung durch andere spezialisierte Kollegen, komplexe pharmakologische Behandlungen oder neuartige chirurgische L\u00f6sungen.<br \/>\n[\/et_pb_text][\/et_pb_column][\/et_pb_row][et_pb_row _builder_version=&#8221;4.16&#8243; background_size=&#8221;initial&#8221; background_position=&#8221;top_left&#8221; background_repeat=&#8221;repeat&#8221; global_colors_info=&#8221;{}&#8221;][et_pb_column type=&#8221;4_4&#8243; _builder_version=&#8221;4.16&#8243; custom_padding=&#8221;|||&#8221; global_colors_info=&#8221;{}&#8221; custom_padding__hover=&#8221;|||&#8221;][et_pb_gallery gallery_ids=&#8221;1552,1742,1741&#8243; show_title_and_caption=&#8221;off&#8221; show_pagination=&#8221;off&#8221; zoom_icon_color=&#8221;#1f82b2&#8243; hover_icon=&#8221;&#x30;||divi||400&#8243; _builder_version=&#8221;4.16&#8243; vertical_offset_tablet=&#8221;0&#8243; horizontal_offset_tablet=&#8221;0&#8243; z_index_tablet=&#8221;0&#8243; title_text_shadow_horizontal_length_tablet=&#8221;0px&#8221; title_text_shadow_vertical_length_tablet=&#8221;0px&#8221; title_text_shadow_blur_strength_tablet=&#8221;1px&#8221; caption_text_shadow_horizontal_length_tablet=&#8221;0px&#8221; caption_text_shadow_vertical_length_tablet=&#8221;0px&#8221; caption_text_shadow_blur_strength_tablet=&#8221;1px&#8221; pagination_text_shadow_horizontal_length_tablet=&#8221;0px&#8221; pagination_text_shadow_vertical_length_tablet=&#8221;0px&#8221; pagination_text_shadow_blur_strength_tablet=&#8221;1px&#8221; box_shadow_horizontal_tablet=&#8221;0px&#8221; box_shadow_vertical_tablet=&#8221;0px&#8221; box_shadow_blur_tablet=&#8221;40px&#8221; box_shadow_spread_tablet=&#8221;0px&#8221; box_shadow_style_image=&#8221;preset3&#8243; text_shadow_horizontal_length_tablet=&#8221;0px&#8221; text_shadow_vertical_length_tablet=&#8221;0px&#8221; text_shadow_blur_strength_tablet=&#8221;1px&#8221; global_colors_info=&#8221;{}&#8221;][\/et_pb_gallery][et_pb_text _builder_version=&#8221;4.16&#8243; background_size=&#8221;initial&#8221; background_position=&#8221;top_left&#8221; background_repeat=&#8221;repeat&#8221; text_orientation=&#8221;justified&#8221; module_alignment=&#8221;left&#8221; use_border_color=&#8221;off&#8221; global_colors_info=&#8221;{}&#8221;]<\/p>\n<p>Unser <span class=\"inside\">INSIDE<\/span>-\u00c4rzteteam arbeitet ausschlie\u00dflich mit der Quir\u00f3nsalud-Gruppe zusammen. Wir arbeiten im Hospital de Marbella.<\/p>\n<p>Auf dem Gebiet der Privatmedizin handelt es sich hierbei um die wichtigste Krankenhausgruppe in Spanien und nach der Fusion mit der deutschen Gruppe Helios-Fresenius f\u00fchrt sie nun in Europa an erster Stelle.<\/p>\n<p>Allein in Spanien verf\u00fcgt die Gruppe \u00fcber ein Netzwerk von 43 Krankenh\u00e4usern mit mehr als 6300 Betten und 360 Operationss\u00e4len.<\/p>\n<p>Daher sind wir stolz darauf, mit der besten Healthcare-Gruppe der Branche zusammenzuarbeiten. Das Niveau der Nachfrage erfordert, dass wir uns Tag f\u00fcr Tag auf den neuesten Stand halten und uns erneuern, was ein st\u00e4ndiger Ansporn ist, uns zu verbessern und unsere Patienten dadurch besser zu betreuen.<\/p>\n<p>[\/et_pb_text][\/et_pb_column][\/et_pb_row][\/et_pb_section][et_pb_section fb_built=&#8221;1&#8243; fullwidth=&#8221;on&#8221; next_background_color=&#8221;#ffffff&#8221; _builder_version=&#8221;4.16&#8243; _module_preset=&#8221;default&#8221; background_enable_color=&#8221;off&#8221; background_image=&#8221;https:\/\/www.insideinternistas.com\/de\/wp-content\/uploads\/sites\/3\/2021\/03\/equipo-inside-internistas.jpg&#8221; background_position=&#8221;top_center&#8221; custom_padding=&#8221;0px||0px||true|false&#8221; top_divider_height=&#8221;50px&#8221; top_divider_flip=&#8221;vertical|horizontal&#8221; bottom_divider_style=&#8221;arrow3&#8243; bottom_divider_height=&#8221;75px&#8221; bottom_divider_flip=&#8221;vertical&#8221; global_colors_info=&#8221;{}&#8221;][et_pb_fullwidth_header title=&#8221;Erz\u00e4hl uns Deinen Fall&#8221; text_orientation=&#8221;center&#8221; button_one_text=&#8221;Frag uns&#8221; button_one_url=&#8221;https:\/\/www.insideinternistas.com\/de\/erzahl-uns-deinen-fall\/&#8221; _builder_version=&#8221;4.16&#8243; _module_preset=&#8221;default&#8221; title_text_align=&#8221;center&#8221; content_text_align=&#8221;center&#8221; background_color=&#8221;rgba(31,130,178,0.79)&#8221; custom_button_one=&#8221;on&#8221; button_one_text_color=&#8221;#FFFFFF&#8221; button_one_bg_color=&#8221;rgba(31,130,178,0.31)&#8221; button_one_border_color=&#8221;#FFFFFF&#8221; custom_padding=&#8221;5vw||5vw||true|false&#8221; global_colors_info=&#8221;{}&#8221;]Bei Inside Internistas stellen wir unseren Benutzern eine Form zur Verf\u00fcgung, in der sie ihren Fall pr\u00e4sentieren k\u00f6nnen, damit einer unserer Spezialisten ihn pers\u00f6nlich studieren kann.<\/p>\n<p>Sie m\u00fcssen nur auf den Abschnitt zugreifen und das angeh\u00e4ngte Formular mit Ihren Daten ausf\u00fcllen.[\/et_pb_fullwidth_header][\/et_pb_section][et_pb_section fb_built=&#8221;1&#8243; disabled_on=&#8221;off|off|off&#8221; _builder_version=&#8221;4.16&#8243; transparent_background=&#8221;off&#8221; global_colors_info=&#8221;{}&#8221;][et_pb_row _builder_version=&#8221;4.16&#8243; background_size=&#8221;initial&#8221; background_position=&#8221;top_left&#8221; background_repeat=&#8221;repeat&#8221; global_colors_info=&#8221;{}&#8221;][et_pb_column type=&#8221;4_4&#8243; _builder_version=&#8221;4.16&#8243; custom_padding=&#8221;|||&#8221; global_colors_info=&#8221;{}&#8221; custom_padding__hover=&#8221;|||&#8221;][et_pb_text admin_label=&#8221;T\u00edtulo \u00c4rzteteam&#8221; _builder_version=&#8221;4.16&#8243; background_size=&#8221;initial&#8221; background_position=&#8221;top_left&#8221; background_repeat=&#8221;repeat&#8221; module_alignment=&#8221;left&#8221; use_border_color=&#8221;off&#8221; border_color=&#8221;#ffffff&#8221; border_style=&#8221;solid&#8221; global_colors_info=&#8221;{}&#8221;]<\/p>\n<h2>\u00c4rzteteam<\/h2>\n<p>[\/et_pb_text][\/et_pb_column][\/et_pb_row][et_pb_row column_structure=&#8221;1_3,1_3,1_3&#8243; admin_label=&#8221;row&#8221; _builder_version=&#8221;4.16&#8243; background_size=&#8221;initial&#8221; background_position=&#8221;top_left&#8221; background_repeat=&#8221;repeat&#8221; global_colors_info=&#8221;{}&#8221;][et_pb_column type=&#8221;1_3&#8243; _builder_version=&#8221;4.16&#8243; custom_padding=&#8221;|||&#8221; global_colors_info=&#8221;{}&#8221; custom_padding__hover=&#8221;|||&#8221;][et_pb_team_member name=&#8221;Dr. Javier Moreno Izarra&#8221; image_url=&#8221;https:\/\/www.insideinternistas.com\/de\/wp-content\/uploads\/sites\/3\/2021\/03\/dr-moreno-inside-internist-recordato.jpg&#8221; admin_label=&#8221;Javier Moreno Izarra&#8221; _builder_version=&#8221;4.16&#8243; header_line_height=&#8221;1.3em&#8221; body_text_color=&#8221;#a3a3a3&#8243; body_font_size=&#8221;17px&#8221; body_line_height=&#8221;1em&#8221; background_size=&#8221;initial&#8221; background_position=&#8221;top_left&#8221; background_repeat=&#8221;repeat&#8221; custom_padding=&#8221;||50px||false|false&#8221; animation=&#8221;bottom&#8221; text_orientation_tablet=&#8221;&#8221; text_orientation_phone=&#8221;center&#8221; text_orientation_last_edited=&#8221;on|phone&#8221; global_colors_info=&#8221;{}&#8221; custom_css_member_image_last_edited=&#8221;off|phone&#8221;]<\/p>\n<p>Leiter der Abteilung f\u00fcr Innere Medizin.<\/p>\n<p>Verantwortlich f\u00fcr den Fachbereich der Infektionskrankheiten.<\/p>\n<p>[\/et_pb_team_member][\/et_pb_column][et_pb_column type=&#8221;1_3&#8243; _builder_version=&#8221;4.16&#8243; custom_padding=&#8221;|||&#8221; global_colors_info=&#8221;{}&#8221; custom_padding__hover=&#8221;|||&#8221;][et_pb_team_member name=&#8221;Dr. Jos\u00e9 Antonio Carmona \u00c1lvarez&#8221; image_url=&#8221;https:\/\/www.insideinternistas.com\/de\/wp-content\/uploads\/sites\/3\/2021\/03\/dr-carmona-inside-recortado-1.jpg&#8221; admin_label=&#8221;Jos\u00e9 Antonio Carmona \u00c1lvarez&#8221; _builder_version=&#8221;4.16&#8243; header_line_height=&#8221;1.3em&#8221; body_text_color=&#8221;#a3a3a3&#8243; body_font_size=&#8221;17px&#8221; body_line_height=&#8221;1em&#8221; background_size=&#8221;initial&#8221; background_position=&#8221;top_left&#8221; background_repeat=&#8221;repeat&#8221; custom_padding=&#8221;||50px||false|false&#8221; animation=&#8221;bottom&#8221; text_orientation_tablet=&#8221;&#8221; text_orientation_phone=&#8221;center&#8221; text_orientation_last_edited=&#8221;on|phone&#8221; global_colors_info=&#8221;{}&#8221;]<\/p>\n<p>Abteilung f\u00fcr Innere Medizin.<\/p>\n<p>Verantwortlich f\u00fcr die Klinische Ultraschalleinheit.<\/p>\n<p>[\/et_pb_team_member][\/et_pb_column][et_pb_column type=&#8221;1_3&#8243; _builder_version=&#8221;4.16&#8243; custom_padding=&#8221;|||&#8221; global_colors_info=&#8221;{}&#8221; custom_padding__hover=&#8221;|||&#8221;][et_pb_team_member name=&#8221;Dr. Julio Molina Campos&#8221; image_url=&#8221;https:\/\/www.insideinternistas.com\/de\/wp-content\/uploads\/sites\/3\/2021\/03\/dr-molina-inside-internista.jpg&#8221; admin_label=&#8221;Julio Molina&#8221; _builder_version=&#8221;4.16&#8243; header_line_height=&#8221;1.3em&#8221; body_text_color=&#8221;#a3a3a3&#8243; body_font_size=&#8221;17px&#8221; body_line_height=&#8221;1em&#8221; background_size=&#8221;initial&#8221; background_position=&#8221;top_left&#8221; background_repeat=&#8221;repeat&#8221; animation=&#8221;bottom&#8221; text_orientation_tablet=&#8221;&#8221; text_orientation_phone=&#8221;center&#8221; text_orientation_last_edited=&#8221;on|desktop&#8221; custom_css_member_image=&#8221;max-width: 100% !important;&#8221; global_colors_info=&#8221;{}&#8221;]<\/p>\n<p>Abteilung f\u00fcr Innere Medizin.<\/p>\n<p>Berater f\u00fcr systemische und Autoimmunerkrankungen.<\/p>\n<p>[\/et_pb_team_member][\/et_pb_column][\/et_pb_row][et_pb_row column_structure=&#8221;1_3,1_3,1_3&#8243; admin_label=&#8221;row&#8221; _builder_version=&#8221;4.16&#8243; background_size=&#8221;initial&#8221; background_position=&#8221;top_left&#8221; background_repeat=&#8221;repeat&#8221; global_colors_info=&#8221;{}&#8221;][et_pb_column type=&#8221;1_3&#8243; _builder_version=&#8221;4.16&#8243; custom_padding=&#8221;|||&#8221; global_colors_info=&#8221;{}&#8221; custom_padding__hover=&#8221;|||&#8221;][et_pb_team_member name=&#8221;Dr. Daniel Urdiales Castillo&#8221; image_url=&#8221;https:\/\/www.insideinternistas.com\/de\/wp-content\/uploads\/sites\/3\/2021\/09\/dr-urdiales-inside.jpg&#8221; disabled_on=&#8221;off|off|off&#8221; admin_label=&#8221;Pablo Garc\u00eda Cabrera&#8221; _builder_version=&#8221;4.16&#8243; header_line_height=&#8221;1.3em&#8221; body_text_color=&#8221;#a3a3a3&#8243; body_font_size=&#8221;17px&#8221; body_line_height=&#8221;1em&#8221; background_size=&#8221;initial&#8221; background_position=&#8221;top_left&#8221; background_repeat=&#8221;repeat&#8221; animation=&#8221;top&#8221; text_orientation_tablet=&#8221;&#8221; text_orientation_phone=&#8221;center&#8221; text_orientation_last_edited=&#8221;on|desktop&#8221; global_colors_info=&#8221;{}&#8221;]<\/p>\n<p>Abteilung f\u00fcr Innere Medizin.<\/p>\n<p>Facharzt f\u00fcr Thromboembolische Erkrankungen und medizinische Pathologie der Schwangerschaft.<\/p>\n<p>Leiter der Inneren Medizin im Quironsalud Fuengirola Medical Center.<\/p>\n<p>&nbsp;<\/p>\n<p>[\/et_pb_team_member][\/et_pb_column][et_pb_column type=&#8221;1_3&#8243; _builder_version=&#8221;4.16&#8243; custom_padding=&#8221;|||&#8221; global_colors_info=&#8221;{}&#8221; custom_padding__hover=&#8221;|||&#8221;][et_pb_team_member name=&#8221;Dr. Jairo Luque Del Pino&#8221; image_url=&#8221;https:\/\/www.insideinternistas.com\/de\/wp-content\/uploads\/sites\/3\/2022\/09\/dr-luque-inside-internistas.jpg&#8221; admin_label=&#8221;Daniel Fern\u00e1ndez&#8221; _builder_version=&#8221;4.17.4&#8243; header_line_height=&#8221;1.3em&#8221; body_text_color=&#8221;#a3a3a3&#8243; body_font_size=&#8221;17px&#8221; body_line_height=&#8221;1em&#8221; background_size=&#8221;initial&#8221; background_position=&#8221;top_left&#8221; background_repeat=&#8221;repeat&#8221; animation=&#8221;top&#8221; hover_enabled=&#8221;0&#8243; text_orientation_tablet=&#8221;&#8221; text_orientation_phone=&#8221;center&#8221; text_orientation_last_edited=&#8221;on|desktop&#8221; custom_css_member_image=&#8221;max-width: 100% !important;&#8221; global_colors_info=&#8221;{}&#8221; title_text=&#8221;dr-luque-inside-internistas&#8221; sticky_enabled=&#8221;0&#8243;]<\/p>\n<p>Facharzt f\u00fcr Innere Medizin.<\/p>\n<p>Berater f\u00fcr Herzinsuffizienz und Gef\u00e4\u00dfrisiko.<\/p>\n<p>[\/et_pb_team_member][\/et_pb_column][et_pb_column type=&#8221;1_3&#8243; _builder_version=&#8221;4.16&#8243; custom_padding=&#8221;|||&#8221; global_colors_info=&#8221;{}&#8221; custom_padding__hover=&#8221;|||&#8221;][et_pb_team_member name=&#8221;Dr. Anne Brunst&#8221; image_url=&#8221;https:\/\/www.insideinternistas.com\/de\/wp-content\/uploads\/sites\/3\/2022\/03\/dra-anne-brunst.jpg&#8221; admin_label=&#8221;Daniel Fern\u00e1ndez&#8221; _builder_version=&#8221;4.16&#8243; header_line_height=&#8221;1.3em&#8221; body_text_color=&#8221;#a3a3a3&#8243; body_font_size=&#8221;17px&#8221; body_line_height=&#8221;1em&#8221; background_size=&#8221;initial&#8221; background_position=&#8221;top_left&#8221; background_repeat=&#8221;repeat&#8221; animation=&#8221;top&#8221; text_orientation_tablet=&#8221;&#8221; text_orientation_phone=&#8221;center&#8221; text_orientation_last_edited=&#8221;on|phone&#8221; custom_css_member_image=&#8221;max-width: 100% !important;&#8221; global_colors_info=&#8221;{}&#8221;]Abschluss in Medizin und Chirurgie.<\/p>\n<p>Universit\u00e4t Justus-Liebig-Universit\u00e4t Gie\u00dfen.[\/et_pb_team_member][\/et_pb_column][\/et_pb_row][et_pb_row column_structure=&#8221;1_3,1_3,1_3&#8243; admin_label=&#8221;row&#8221; _builder_version=&#8221;4.16&#8243; background_size=&#8221;initial&#8221; background_position=&#8221;top_left&#8221; background_repeat=&#8221;repeat&#8221; global_colors_info=&#8221;{}&#8221;][et_pb_column type=&#8221;1_3&#8243; _builder_version=&#8221;4.16&#8243; custom_padding=&#8221;|||&#8221; global_colors_info=&#8221;{}&#8221; custom_padding__hover=&#8221;|||&#8221;][et_pb_team_member name=&#8221;Lorena Lima&#8221; image_url=&#8221;https:\/\/www.insideinternistas.com\/de\/wp-content\/uploads\/sites\/3\/2021\/12\/lorena-lima-inside.png&#8221; admin_label=&#8221;Daniel Fern\u00e1ndez&#8221; _builder_version=&#8221;4.16&#8243; header_line_height=&#8221;1.3em&#8221; body_text_color=&#8221;#a3a3a3&#8243; body_font_size=&#8221;17px&#8221; body_line_height=&#8221;1em&#8221; background_size=&#8221;initial&#8221; background_position=&#8221;top_left&#8221; background_repeat=&#8221;repeat&#8221; animation=&#8221;top&#8221; text_orientation_tablet=&#8221;&#8221; text_orientation_phone=&#8221;center&#8221; text_orientation_last_edited=&#8221;on|phone&#8221; custom_css_member_image=&#8221;max-width: 100% !important;&#8221; global_colors_info=&#8221;{}&#8221;]<\/p>\n<p>Koordinatorin.<\/p>\n<p>[\/et_pb_team_member][\/et_pb_column][et_pb_column type=&#8221;1_3&#8243; _builder_version=&#8221;4.16&#8243; custom_padding=&#8221;|||&#8221; global_colors_info=&#8221;{}&#8221; custom_padding__hover=&#8221;|||&#8221;][et_pb_team_member name=&#8221;Cristina Silva Espinosa&#8221; image_url=&#8221;https:\/\/www.insideinternistas.com\/de\/wp-content\/uploads\/sites\/3\/2021\/09\/cristina-inside.jpg&#8221; admin_label=&#8221;Daniel Fern\u00e1ndez&#8221; _builder_version=&#8221;4.16&#8243; header_line_height=&#8221;1.3em&#8221; body_text_color=&#8221;#a3a3a3&#8243; body_font_size=&#8221;17px&#8221; body_line_height=&#8221;1em&#8221; background_size=&#8221;initial&#8221; background_position=&#8221;top_left&#8221; background_repeat=&#8221;repeat&#8221; animation=&#8221;top&#8221; text_orientation_tablet=&#8221;&#8221; text_orientation_phone=&#8221;center&#8221; text_orientation_last_edited=&#8221;on|phone&#8221; custom_css_member_image=&#8221;max-width: 100% !important;&#8221; global_colors_info=&#8221;{}&#8221;]Verantwortlich f\u00fcr Kommunikation, Marketing und Soziale Netzwerke.[\/et_pb_team_member][\/et_pb_column][et_pb_column type=&#8221;1_3&#8243; _builder_version=&#8221;4.16&#8243; custom_padding=&#8221;|||&#8221; global_colors_info=&#8221;{}&#8221; custom_padding__hover=&#8221;|||&#8221;][\/et_pb_column][\/et_pb_row][\/et_pb_section][et_pb_section fb_built=&#8221;1&#8243; custom_padding_last_edited=&#8221;on|desktop&#8221; prev_background_color=&#8221;#ffffff&#8221; _builder_version=&#8221;4.16&#8243; background_color=&#8221;#1f82b2&#8243; background_image=&#8221;https:\/\/www.insideinternistas.com\/de\/wp-content\/uploads\/sites\/3\/2021\/03\/fondo-blog-inside-1.jpg&#8221; background_position=&#8221;center_left&#8221; background_blend=&#8221;overlay&#8221; custom_padding=&#8221;100px|||||&#8221; custom_padding_tablet=&#8221;50px|0|50px|0&#8243; custom_padding_phone=&#8221;&#8221; top_divider_style=&#8221;triangle&#8221; top_divider_height=&#8221;50px&#8221; top_divider_flip=&#8221;vertical&#8221; transparent_background=&#8221;off&#8221; padding_mobile=&#8221;off&#8221; make_fullwidth=&#8221;off&#8221; use_custom_width=&#8221;off&#8221; width_unit=&#8221;on&#8221; global_colors_info=&#8221;{}&#8221;][et_pb_row padding_mobile=&#8221;off&#8221; column_padding_mobile=&#8221;on&#8221; admin_label=&#8221;row&#8221; _builder_version=&#8221;4.16&#8243; background_size=&#8221;initial&#8221; background_position=&#8221;top_left&#8221; background_repeat=&#8221;repeat&#8221; max_width=&#8221;1500px&#8221; make_fullwidth=&#8221;off&#8221; use_custom_width=&#8221;off&#8221; width_unit=&#8221;off&#8221; custom_width_px=&#8221;1080px&#8221; custom_width_percent=&#8221;80%&#8221; global_colors_info=&#8221;{}&#8221;][et_pb_column type=&#8221;4_4&#8243; _builder_version=&#8221;4.16&#8243; custom_padding=&#8221;|||&#8221; global_colors_info=&#8221;{}&#8221; custom_padding__hover=&#8221;|||&#8221;][et_pb_text admin_label=&#8221;Text&#8221; _builder_version=&#8221;4.16&#8243; text_font=&#8221;|600||on|||||&#8221; header_2_text_color=&#8221;#ffffff&#8221; header_3_text_color=&#8221;#ffffff&#8221; header_4_text_align=&#8221;center&#8221; header_4_text_color=&#8221;#ffffff&#8221; background_size=&#8221;initial&#8221; background_position=&#8221;top_left&#8221; background_repeat=&#8221;repeat&#8221; text_orientation=&#8221;center&#8221; background_layout=&#8221;dark&#8221; module_alignment=&#8221;left&#8221; custom_margin=&#8221;||7px|||&#8221; use_border_color=&#8221;off&#8221; border_color=&#8221;#ffffff&#8221; border_style=&#8221;solid&#8221; global_colors_info=&#8221;{}&#8221;]<\/p>\n<p>Blog<\/p>\n<p>[\/et_pb_text][et_pb_divider color=&#8221;#ffffff&#8221; _builder_version=&#8221;4.16&#8243; max_width=&#8221;50px&#8221; module_alignment=&#8221;center&#8221; custom_margin=&#8221;||0px||false|false&#8221; global_colors_info=&#8221;{}&#8221;][\/et_pb_divider][et_pb_text admin_label=&#8221;Text&#8221; _builder_version=&#8221;4.16&#8243; header_2_text_align=&#8221;center&#8221; header_2_text_color=&#8221;#ffffff&#8221; header_3_text_color=&#8221;#ffffff&#8221; background_size=&#8221;initial&#8221; background_position=&#8221;top_left&#8221; background_repeat=&#8221;repeat&#8221; module_alignment=&#8221;left&#8221; use_border_color=&#8221;off&#8221; border_color=&#8221;#ffffff&#8221; border_style=&#8221;solid&#8221; global_colors_info=&#8221;{}&#8221;]<\/p>\n<h2>Interessante Informationen, Neuigkeiten und Updates<\/h2>\n<p>[\/et_pb_text][\/et_pb_column][\/et_pb_row][et_pb_row _builder_version=&#8221;4.16&#8243; background_size=&#8221;initial&#8221; background_position=&#8221;top_left&#8221; background_repeat=&#8221;repeat&#8221; max_width=&#8221;1500px&#8221; global_colors_info=&#8221;{}&#8221;][et_pb_column type=&#8221;4_4&#8243; _builder_version=&#8221;4.16&#8243; custom_padding=&#8221;|||&#8221; global_colors_info=&#8221;{}&#8221; custom_padding__hover=&#8221;|||&#8221;][et_pb_blog fullwidth=&#8221;off&#8221; posts_number=&#8221;6&#8243; include_categories=&#8221;6,1&#8243; show_thumbnail=&#8221;off&#8221; show_more=&#8221;on&#8221; show_date=&#8221;off&#8221; _builder_version=&#8221;4.16&#8243; meta_font=&#8221;Raleway|500|||||||&#8221; meta_text_color=&#8221;#5cd&#8221; meta_font_size=&#8221;15px&#8221; pagination_font=&#8221;|600|||||||&#8221; pagination_text_color=&#8221;#ffffff&#8221; pagination_font_size_tablet=&#8221;51&#8243; pagination_line_height_tablet=&#8221;2&#8243; custom_css_read_more=&#8221;background-color: #5cd;||color: #fff;||padding: 8px;||margin-top: 15px;||border-radius: 5px;||font-size: 14px;||float: right;||text-transform: capitalize;&#8221; pagination_text_shadow_style=&#8221;preset3&#8243; box_shadow_style=&#8221;preset1&#8243; box_shadow_vertical=&#8221;1px&#8221; box_shadow_blur=&#8221;5px&#8221; box_shadow_color=&#8221;rgba(0,0,0,.1)&#8221; use_border_color=&#8221;off&#8221; use_dropshadow=&#8221;on&#8221; global_colors_info=&#8221;{}&#8221;][\/et_pb_blog][\/et_pb_column][\/et_pb_row][\/et_pb_section]<\/p>\n","protected":false},"excerpt":{"rendered":"<p>\u00dcber uns Das INSIDE-\u00c4rzteteam besteht aus einer Gruppe von Internisten, die die Praxis unseres Berufes \u00e4hnlich verstehen und wir basieren uns auf den Grundlagen der klassischen Medizin und der wissenschaftlichen Methode. Die pers\u00f6nliche und humanisierte Behandlung unserer Patienten liegt bei uns an erster Stelle, nach dem ethischen Prinzip, welches uns unsere Meister vermittelt haben und [&hellip;]<\/p>\n","protected":false},"author":1,"featured_media":0,"parent":0,"menu_order":0,"comment_status":"closed","ping_status":"closed","template":"","meta":{"_et_pb_use_builder":"on","_et_pb_old_content":"","_et_gb_content_width":""},"_links":{"self":[{"href":"https:\/\/www.insideinternistas.com\/de\/wp-json\/wp\/v2\/pages\/70"}],"collection":[{"href":"https:\/\/www.insideinternistas.com\/de\/wp-json\/wp\/v2\/pages"}],"about":[{"href":"https:\/\/www.insideinternistas.com\/de\/wp-json\/wp\/v2\/types\/page"}],"author":[{"embeddable":true,"href":"https:\/\/www.insideinternistas.com\/de\/wp-json\/wp\/v2\/users\/1"}],"replies":[{"embeddable":true,"href":"https:\/\/www.insideinternistas.com\/de\/wp-json\/wp\/v2\/comments?post=70"}],"version-history":[{"count":139,"href":"https:\/\/www.insideinternistas.com\/de\/wp-json\/wp\/v2\/pages\/70\/revisions"}],"predecessor-version":[{"id":1862,"href":"https:\/\/www.insideinternistas.com\/de\/wp-json\/wp\/v2\/pages\/70\/revisions\/1862"}],"wp:attachment":[{"href":"https:\/\/www.insideinternistas.com\/de\/wp-json\/wp\/v2\/media?parent=70"}],"curies":[{"name":"wp","href":"https:\/\/api.w.org\/{rel}","templated":true}]}}